{"id":153,"date":"2024-01-23T18:14:06","date_gmt":"2024-01-23T18:14:06","guid":{"rendered":"https:\/\/clientes.coocoestudio.com\/escazu-historico\/?page_id=153"},"modified":"2024-02-02T16:55:07","modified_gmt":"2024-02-02T16:55:07","slug":"linea-de-tiempo","status":"publish","type":"page","link":"https:\/\/escazu.go.cr\/escazu-historico\/?page_id=153","title":{"rendered":"L\u00ednea de tiempo"},"content":{"rendered":"<div id=\"tb_post_layouts-0ff24b54-fa34-4915-b3d9-91084f43229a\" class=\"tb-timeline-template1 align-center\"><div class=\"tb-timeline\"><article class=\"has-thumb tb-timeline-item\"><div class=\"tb-timeline-content\"><div class=\"tb-first-inner-wrap\"><div class=\"tb-timeline-title-wrap\"><h3 class=\"tb-title\"><a href=\"https:\/\/escazu.go.cr\/escazu-historico\/?p=16\" rel=\"bookmark\" class=\"tb-timeline-title tb-layout-1\">La parroquia de San Miguel de Escaz\u00fa<\/a><\/h3><\/div><div class=\"tb-image\"><a href=\"https:\/\/escazu.go.cr\/escazu-historico\/?p=16\" rel=\"bookmark\"><img loading=\"lazy\" decoding=\"async\" width=\"2560\" height=\"1707\" src=\"https:\/\/escazu.go.cr\/escazu-historico\/wp-content\/uploads\/2024\/01\/IMG_6792-scaled.jpg\" class=\"attachment-tb-blogpost-square size-tb-blogpost-square\" alt=\"\" srcset=\"https:\/\/escazu.go.cr\/escazu-historico\/wp-content\/uploads\/2024\/01\/IMG_6792-scaled.jpg 2560w, https:\/\/escazu.go.cr\/escazu-historico\/wp-content\/uploads\/2024\/01\/IMG_6792-300x200.jpg 300w, https:\/\/escazu.go.cr\/escazu-historico\/wp-content\/uploads\/2024\/01\/IMG_6792-1024x683.jpg 1024w, https:\/\/escazu.go.cr\/escazu-historico\/wp-content\/uploads\/2024\/01\/IMG_6792-768x512.jpg 768w, https:\/\/escazu.go.cr\/escazu-historico\/wp-content\/uploads\/2024\/01\/IMG_6792-1536x1024.jpg 1536w, https:\/\/escazu.go.cr\/escazu-historico\/wp-content\/uploads\/2024\/01\/IMG_6792-2048x1365.jpg 2048w\" sizes=\"auto, (max-width: 2560px) 100vw, 2560px\" \/><\/a><\/div><div class=\"tb-timeline-second-content-wrap\" ><div class=\"tb-content-wrap\" ><div class=\"tb-category-link-wraper\"><\/div><div class=\"tb-timeline-byline\"> <div class=\"tb-timeline-metadatabox\"><div class=\"tb-timeline-text\"><div class=\"tb-timeline-excerpt\"><p>Este sitio de inter\u00e9s hist\u00f3rico es uno de los m\u00e1s antiguos y visibles del centro de Escaz\u00fa, no solo por su posici\u00f3n geogr\u00e1fica, sino por&hellip;<\/p>\n<div class=\"tb-text-only\"><a class=\"tb-blogpost-link\" href=\"https:\/\/escazu.go.cr\/escazu-historico\/?p=16\" rel=\"bookmark\">Visitar<\/a><\/div><\/div><\/div><div class=\"tb-timeline-bototm-wrap\"><div class=\"tb-timeline-social-wrap\"><div class=\"social-share-data\"><\/div><\/div><\/div><\/div><\/article>\n<article class=\"has-thumb tb-timeline-item\"><div class=\"tb-timeline-content\"><div class=\"tb-first-inner-wrap\"><div class=\"tb-timeline-title-wrap\"><h3 class=\"tb-title\"><a href=\"https:\/\/escazu.go.cr\/escazu-historico\/?p=18\" rel=\"bookmark\" class=\"tb-timeline-title tb-layout-1\">Oratorio San Gildar<\/a><\/h3><\/div><div class=\"tb-image\"><a href=\"https:\/\/escazu.go.cr\/escazu-historico\/?p=18\" rel=\"bookmark\"><img loading=\"lazy\" decoding=\"async\" width=\"1920\" height=\"1280\" src=\"https:\/\/escazu.go.cr\/escazu-historico\/wp-content\/uploads\/2024\/01\/IMG_6313.jpg\" class=\"attachment-tb-blogpost-square size-tb-blogpost-square\" alt=\"\" srcset=\"https:\/\/escazu.go.cr\/escazu-historico\/wp-content\/uploads\/2024\/01\/IMG_6313.jpg 1920w, https:\/\/escazu.go.cr\/escazu-historico\/wp-content\/uploads\/2024\/01\/IMG_6313-300x200.jpg 300w, https:\/\/escazu.go.cr\/escazu-historico\/wp-content\/uploads\/2024\/01\/IMG_6313-1024x683.jpg 1024w, https:\/\/escazu.go.cr\/escazu-historico\/wp-content\/uploads\/2024\/01\/IMG_6313-768x512.jpg 768w, https:\/\/escazu.go.cr\/escazu-historico\/wp-content\/uploads\/2024\/01\/IMG_6313-1536x1024.jpg 1536w\" sizes=\"auto, (max-width: 1920px) 100vw, 1920px\" \/><\/a><\/div><div class=\"tb-timeline-second-content-wrap\" ><div class=\"tb-content-wrap\" ><div class=\"tb-category-link-wraper\"><\/div><div class=\"tb-timeline-byline\"> <div class=\"tb-timeline-metadatabox\"><div class=\"tb-timeline-text\"><div class=\"tb-timeline-excerpt\"><p>Situada a 400 m. al sur del centro de Escaz\u00fa se erige la casa de la familia Mar\u00edn Badilla. Este lugar cobra relevancia los s\u00e1bados&hellip;<\/p>\n<div class=\"tb-text-only\"><a class=\"tb-blogpost-link\" href=\"https:\/\/escazu.go.cr\/escazu-historico\/?p=18\" rel=\"bookmark\">Visitar<\/a><\/div><\/div><\/div><div class=\"tb-timeline-bototm-wrap\"><div class=\"tb-timeline-social-wrap\"><div class=\"social-share-data\"><\/div><\/div><\/div><\/div><\/article>\n<article class=\"has-thumb tb-timeline-item\"><div class=\"tb-timeline-content\"><div class=\"tb-first-inner-wrap\"><div class=\"tb-timeline-title-wrap\"><h3 class=\"tb-title\"><a href=\"https:\/\/escazu.go.cr\/escazu-historico\/?p=17\" rel=\"bookmark\" class=\"tb-timeline-title tb-layout-1\">Casona de la familia L\u00f3pez<\/a><\/h3><\/div><div class=\"tb-image\"><a href=\"https:\/\/escazu.go.cr\/escazu-historico\/?p=17\" rel=\"bookmark\"><img loading=\"lazy\" decoding=\"async\" width=\"1920\" height=\"1440\" src=\"https:\/\/escazu.go.cr\/escazu-historico\/wp-content\/uploads\/2024\/01\/20231109_130410.jpg\" class=\"attachment-tb-blogpost-square size-tb-blogpost-square\" alt=\"\" srcset=\"https:\/\/escazu.go.cr\/escazu-historico\/wp-content\/uploads\/2024\/01\/20231109_130410.jpg 1920w, https:\/\/escazu.go.cr\/escazu-historico\/wp-content\/uploads\/2024\/01\/20231109_130410-300x225.jpg 300w, https:\/\/escazu.go.cr\/escazu-historico\/wp-content\/uploads\/2024\/01\/20231109_130410-1024x768.jpg 1024w, https:\/\/escazu.go.cr\/escazu-historico\/wp-content\/uploads\/2024\/01\/20231109_130410-768x576.jpg 768w, https:\/\/escazu.go.cr\/escazu-historico\/wp-content\/uploads\/2024\/01\/20231109_130410-1536x1152.jpg 1536w\" sizes=\"auto, (max-width: 1920px) 100vw, 1920px\" \/><\/a><\/div><div class=\"tb-timeline-second-content-wrap\" ><div class=\"tb-content-wrap\" ><div class=\"tb-category-link-wraper\"><\/div><div class=\"tb-timeline-byline\"> <div class=\"tb-timeline-metadatabox\"><div class=\"tb-timeline-text\"><div class=\"tb-timeline-excerpt\"><p>En la cuadra este a la de la parroquia de San Miguel, sobre la avenida Manuel Zavaleta, encontramos una casa de grandes dimensiones que embellece&hellip;<\/p>\n<div class=\"tb-text-only\"><a class=\"tb-blogpost-link\" href=\"https:\/\/escazu.go.cr\/escazu-historico\/?p=17\" rel=\"bookmark\">Visitar<\/a><\/div><\/div><\/div><div class=\"tb-timeline-bototm-wrap\"><div class=\"tb-timeline-social-wrap\"><div class=\"social-share-data\"><\/div><\/div><\/div><\/div><\/article>\n<article class=\"has-thumb tb-timeline-item\"><div class=\"tb-timeline-content\"><div class=\"tb-first-inner-wrap\"><div class=\"tb-timeline-title-wrap\"><h3 class=\"tb-title\"><a href=\"https:\/\/escazu.go.cr\/escazu-historico\/?p=19\" rel=\"bookmark\" class=\"tb-timeline-title tb-layout-1\">La escuela Rep\u00fablica de Venezuela<\/a><\/h3><\/div><div class=\"tb-image\"><a href=\"https:\/\/escazu.go.cr\/escazu-historico\/?p=19\" rel=\"bookmark\"><img loading=\"lazy\" decoding=\"async\" width=\"1920\" height=\"1280\" src=\"https:\/\/escazu.go.cr\/escazu-historico\/wp-content\/uploads\/2024\/01\/DJI_0951.jpg\" class=\"attachment-tb-blogpost-square size-tb-blogpost-square\" alt=\"\" srcset=\"https:\/\/escazu.go.cr\/escazu-historico\/wp-content\/uploads\/2024\/01\/DJI_0951.jpg 1920w, https:\/\/escazu.go.cr\/escazu-historico\/wp-content\/uploads\/2024\/01\/DJI_0951-300x200.jpg 300w, https:\/\/escazu.go.cr\/escazu-historico\/wp-content\/uploads\/2024\/01\/DJI_0951-1024x683.jpg 1024w, https:\/\/escazu.go.cr\/escazu-historico\/wp-content\/uploads\/2024\/01\/DJI_0951-768x512.jpg 768w, https:\/\/escazu.go.cr\/escazu-historico\/wp-content\/uploads\/2024\/01\/DJI_0951-1536x1024.jpg 1536w\" sizes=\"auto, (max-width: 1920px) 100vw, 1920px\" \/><\/a><\/div><div class=\"tb-timeline-second-content-wrap\" ><div class=\"tb-content-wrap\" ><div class=\"tb-category-link-wraper\"><\/div><div class=\"tb-timeline-byline\"> <div class=\"tb-timeline-metadatabox\"><div class=\"tb-timeline-text\"><div class=\"tb-timeline-excerpt\"><p>Es por mucho el centro de ense\u00f1anza m\u00e1s relevante de Escaz\u00fa, lugar donde la mayor\u00eda recibieron sus primeras lecciones aprendiendo en ella a leer, sumar,&hellip;<\/p>\n<div class=\"tb-text-only\"><a class=\"tb-blogpost-link\" href=\"https:\/\/escazu.go.cr\/escazu-historico\/?p=19\" rel=\"bookmark\">Visitar<\/a><\/div><\/div><\/div><div class=\"tb-timeline-bototm-wrap\"><div class=\"tb-timeline-social-wrap\"><div class=\"social-share-data\"><\/div><\/div><\/div><\/div><\/article>\n<article class=\"has-thumb tb-timeline-item\"><div class=\"tb-timeline-content\"><div class=\"tb-first-inner-wrap\"><div class=\"tb-timeline-title-wrap\"><h3 class=\"tb-title\"><a href=\"https:\/\/escazu.go.cr\/escazu-historico\/?p=15\" rel=\"bookmark\" class=\"tb-timeline-title tb-layout-1\">La casa de los Quir\u00f3s<\/a><\/h3><\/div><div class=\"tb-image\"><a href=\"https:\/\/escazu.go.cr\/escazu-historico\/?p=15\" rel=\"bookmark\"><img loading=\"lazy\" decoding=\"async\" width=\"1920\" height=\"1440\" src=\"https:\/\/escazu.go.cr\/escazu-historico\/wp-content\/uploads\/2024\/01\/DJI_20231207160146_0002_D.jpg\" class=\"attachment-tb-blogpost-square size-tb-blogpost-square\" alt=\"\" srcset=\"https:\/\/escazu.go.cr\/escazu-historico\/wp-content\/uploads\/2024\/01\/DJI_20231207160146_0002_D.jpg 1920w, https:\/\/escazu.go.cr\/escazu-historico\/wp-content\/uploads\/2024\/01\/DJI_20231207160146_0002_D-300x225.jpg 300w, https:\/\/escazu.go.cr\/escazu-historico\/wp-content\/uploads\/2024\/01\/DJI_20231207160146_0002_D-1024x768.jpg 1024w, https:\/\/escazu.go.cr\/escazu-historico\/wp-content\/uploads\/2024\/01\/DJI_20231207160146_0002_D-768x576.jpg 768w, https:\/\/escazu.go.cr\/escazu-historico\/wp-content\/uploads\/2024\/01\/DJI_20231207160146_0002_D-1536x1152.jpg 1536w\" sizes=\"auto, (max-width: 1920px) 100vw, 1920px\" \/><\/a><\/div><div class=\"tb-timeline-second-content-wrap\" ><div class=\"tb-content-wrap\" ><div class=\"tb-category-link-wraper\"><\/div><div class=\"tb-timeline-byline\"> <div class=\"tb-timeline-metadatabox\"><div class=\"tb-timeline-text\"><div class=\"tb-timeline-excerpt\"><p>Situada 100 metros oeste de la Escuela Rep\u00fablica de Venezuela, encontramos una casa de adobe esquinera sobre una de las calles m\u00e1s importantes, que conserva&hellip;<\/p>\n<div class=\"tb-text-only\"><a class=\"tb-blogpost-link\" href=\"https:\/\/escazu.go.cr\/escazu-historico\/?p=15\" rel=\"bookmark\">Visitar<\/a><\/div><\/div><\/div><div class=\"tb-timeline-bototm-wrap\"><div class=\"tb-timeline-social-wrap\"><div class=\"social-share-data\"><\/div><\/div><\/div><\/div><\/article>\n<\/div><\/div>","protected":false},"excerpt":{"rendered":"","protected":false},"author":1,"featured_media":0,"parent":0,"menu_order":0,"comment_status":"closed","ping_status":"closed","template":"page-linea-tiempo.php","meta":{"footnotes":""},"class_list":["post-153","page","type-page","status-publish","hentry"],"_links":{"self":[{"href":"https:\/\/escazu.go.cr\/escazu-historico\/index.php?rest_route=\/wp\/v2\/pages\/153","targetHints":{"allow":["GET"]}}],"collection":[{"href":"https:\/\/escazu.go.cr\/escazu-historico\/index.php?rest_route=\/wp\/v2\/pages"}],"about":[{"href":"https:\/\/escazu.go.cr\/escazu-historico\/index.php?rest_route=\/wp\/v2\/types\/page"}],"author":[{"embeddable":true,"href":"https:\/\/escazu.go.cr\/escazu-historico\/index.php?rest_route=\/wp\/v2\/users\/1"}],"replies":[{"embeddable":true,"href":"https:\/\/escazu.go.cr\/escazu-historico\/index.php?rest_route=%2Fwp%2Fv2%2Fcomments&post=153"}],"version-history":[{"count":0,"href":"https:\/\/escazu.go.cr\/escazu-historico\/index.php?rest_route=\/wp\/v2\/pages\/153\/revisions"}],"wp:attachment":[{"href":"https:\/\/escazu.go.cr\/escazu-historico\/index.php?rest_route=%2Fwp%2Fv2%2Fmedia&parent=153"}],"curies":[{"name":"wp","href":"https:\/\/api.w.org\/{rel}","templated":true}]}}